{"id":44,"date":"2018-07-05T12:11:54","date_gmt":"2018-07-05T12:11:54","guid":{"rendered":"http:\/\/spanishlawandsociety.edu.umh.es\/?page_id=44"},"modified":"2024-07-19T12:20:28","modified_gmt":"2024-07-19T12:20:28","slug":"acerca-de","status":"publish","type":"page","link":"http:\/\/spanishjournaloflegislativestudies.com\/es\/acerca-de\/","title":{"rendered":"Acerca de"},"content":{"rendered":"<p>[et_pb_section fb_built=\u00bb1&#8243; custom_padding_last_edited=\u00bbon|desktop\u00bb admin_label=\u00bbsection\u00bb module_id=\u00bbContacto\u00bb _builder_version=\u00bb4.16&#8243; custom_padding_tablet=\u00bb50px|0|50px|0&#8243; custom_padding_phone=\u00bb\u00bb transparent_background=\u00bboff\u00bb padding_mobile=\u00bboff\u00bb make_fullwidth=\u00bboff\u00bb use_custom_width=\u00bboff\u00bb width_unit=\u00bbon\u00bb global_colors_info=\u00bb{}\u00bb][et_pb_row admin_label=\u00bbrow\u00bb _builder_version=\u00bb4.16&#8243; background_size=\u00bbinitial\u00bb background_position=\u00bbtop_left\u00bb background_repeat=\u00bbrepeat\u00bb global_colors_info=\u00bb{}\u00bb][et_pb_column type=\u00bb4_4&#8243; _builder_version=\u00bb4.16&#8243; custom_padding=\u00bb|||\u00bb global_colors_info=\u00bb{}\u00bb custom_padding__hover=\u00bb|||\u00bb][et_pb_text admin_label=\u00bbTexto\u00bb _builder_version=\u00bb4.16&#8243; background_size=\u00bbinitial\u00bb background_position=\u00bbtop_left\u00bb background_repeat=\u00bbrepeat\u00bb use_border_color=\u00bboff\u00bb border_color=\u00bb#ffffff\u00bb border_style=\u00bbsolid\u00bb global_colors_info=\u00bb{}\u00bb]<\/p>\n<h2 class=\"section-title\" style=\"text-align: left\"><span style=\"font-size: 24pt\">Contacto<\/span><\/h2>\n<p>[\/et_pb_text][\/et_pb_column][\/et_pb_row][et_pb_row column_structure=\u00bb1_3,1_3,1_3&#8243; admin_label=\u00bbFila\u00bb _builder_version=\u00bb4.16&#8243; background_size=\u00bbinitial\u00bb background_position=\u00bbtop_left\u00bb background_repeat=\u00bbrepeat\u00bb global_colors_info=\u00bb{}\u00bb][et_pb_column type=\u00bb1_3&#8243; _builder_version=\u00bb4.16&#8243; custom_padding=\u00bb|||\u00bb global_colors_info=\u00bb{}\u00bb custom_padding__hover=\u00bb|||\u00bb][et_pb_image src=\u00bbhttps:\/\/spanishjournaloflegislativestudies.com\/files\/2018\/07\/contact.png\u00bb align=\u00bbcenter\u00bb align_tablet=\u00bbcenter\u00bb align_phone=\u00bb\u00bb align_last_edited=\u00bbon|desktop\u00bb admin_label=\u00bbImagen\u00bb _builder_version=\u00bb4.17.4&#8243; vertical_offset_tablet=\u00bb0&#8243; horizontal_offset_tablet=\u00bb0&#8243; z_index_tablet=\u00bb0&#8243; box_shadow_horizontal_tablet=\u00bb0px\u00bb box_shadow_vertical_tablet=\u00bb0px\u00bb box_shadow_blur_tablet=\u00bb40px\u00bb box_shadow_spread_tablet=\u00bb0px\u00bb use_border_color=\u00bboff\u00bb global_colors_info=\u00bb{}\u00bb]<\/p>\n<p>\n&nbsp;<\/p>\n<p>[\/et_pb_image][et_pb_text admin_label=\u00bbTexto\u00bb _builder_version=\u00bb4.16&#8243; background_size=\u00bbinitial\u00bb background_position=\u00bbtop_left\u00bb background_repeat=\u00bbrepeat\u00bb use_border_color=\u00bboff\u00bb border_color=\u00bb#ffffff\u00bb border_style=\u00bbsolid\u00bb global_colors_info=\u00bb{}\u00bb]<\/p>\n<h4 style=\"text-align: center\"><strong>DIRECCI\u00d3N POSTAL<\/strong><\/h4>\n<p style=\"text-align: center\">Departamento de ciencia jur\u00eddica<br \/>\nEdificio Torrevaillo<br \/>\nAvenida de la universidad, s\/n Elche \u2013 03202<\/p>\n<p>[\/et_pb_text][\/et_pb_column][et_pb_column type=\u00bb1_3&#8243; _builder_version=\u00bb4.16&#8243; custom_padding=\u00bb|||\u00bb global_colors_info=\u00bb{}\u00bb custom_padding__hover=\u00bb|||\u00bb][et_pb_image src=\u00bbhttps:\/\/spanishjournaloflegislativestudies.com\/files\/2018\/07\/persona.png\u00bb align=\u00bbcenter\u00bb align_tablet=\u00bbcenter\u00bb align_phone=\u00bb\u00bb align_last_edited=\u00bbon|desktop\u00bb admin_label=\u00bbImagen\u00bb _builder_version=\u00bb4.17.4&#8243; vertical_offset_tablet=\u00bb0&#8243; horizontal_offset_tablet=\u00bb0&#8243; z_index_tablet=\u00bb0&#8243; box_shadow_horizontal_tablet=\u00bb0px\u00bb box_shadow_vertical_tablet=\u00bb0px\u00bb box_shadow_blur_tablet=\u00bb40px\u00bb box_shadow_spread_tablet=\u00bb0px\u00bb use_border_color=\u00bboff\u00bb global_colors_info=\u00bb{}\u00bb]<\/p>\n<p>\n&nbsp;<\/p>\n<p>[\/et_pb_image][et_pb_text admin_label=\u00bbTexto\u00bb _builder_version=\u00bb4.16&#8243; background_size=\u00bbinitial\u00bb background_position=\u00bbtop_left\u00bb background_repeat=\u00bbrepeat\u00bb use_border_color=\u00bboff\u00bb border_color=\u00bb#ffffff\u00bb border_style=\u00bbsolid\u00bb saved_tabs=\u00bball\u00bb global_colors_info=\u00bb{}\u00bb]<\/p>\n<h4 style=\"text-align: center\"><\/h4>\n<h4 style=\"text-align: center\"><strong>ENTIDAD RESPONSABLE\u00a0<\/strong><\/h4>\n<p style=\"text-align: center\">Centro de Investigaci\u00f3n CR\u00cdMINA para el estudio y prevenci\u00f3n de la delincuencia<br \/>\nDepartamento de Ciencia Jur\u00eddica<\/p>\n<p>[\/et_pb_text][\/et_pb_column][et_pb_column type=\u00bb1_3&#8243; _builder_version=\u00bb4.16&#8243; custom_padding=\u00bb|||\u00bb global_colors_info=\u00bb{}\u00bb custom_padding__hover=\u00bb|||\u00bb][et_pb_image src=\u00bbhttps:\/\/spanishjournaloflegislativestudies.com\/files\/2018\/07\/gente.png\u00bb align=\u00bbcenter\u00bb align_tablet=\u00bbcenter\u00bb align_phone=\u00bb\u00bb align_last_edited=\u00bbon|desktop\u00bb admin_label=\u00bbImagen\u00bb _builder_version=\u00bb4.17.4&#8243; vertical_offset_tablet=\u00bb0&#8243; horizontal_offset_tablet=\u00bb0&#8243; z_index_tablet=\u00bb0&#8243; box_shadow_horizontal_tablet=\u00bb0px\u00bb box_shadow_vertical_tablet=\u00bb0px\u00bb box_shadow_blur_tablet=\u00bb40px\u00bb box_shadow_spread_tablet=\u00bb0px\u00bb use_border_color=\u00bboff\u00bb global_colors_info=\u00bb{}\u00bb]<\/p>\n<p>\n&nbsp;<\/p>\n<p>[\/et_pb_image][et_pb_text admin_label=\u00bbTexto\u00bb _builder_version=\u00bb4.16&#8243; background_size=\u00bbinitial\u00bb background_position=\u00bbtop_left\u00bb background_repeat=\u00bbrepeat\u00bb use_border_color=\u00bboff\u00bb border_color=\u00bb#ffffff\u00bb border_style=\u00bbsolid\u00bb global_colors_info=\u00bb{}\u00bb]<\/p>\n<h4 style=\"text-align: center\"><span style=\"color: #333333\"><strong>EDITOR<\/strong><\/span><\/h4>\n<p style=\"text-align: center\">Departamento de ciencia jur\u00eddica<br \/>\nUniversidad Miguel Hernandez de Elche<br \/>\nEdificio Torrevaillo<br \/>\nAvenida de la universidad, s\/n Elche \u2013 03202<\/p>\n<p>[\/et_pb_text][\/et_pb_column][\/et_pb_row][et_pb_row _builder_version=\u00bb4.16&#8243; background_size=\u00bbinitial\u00bb background_position=\u00bbtop_left\u00bb background_repeat=\u00bbrepeat\u00bb global_colors_info=\u00bb{}\u00bb][et_pb_column type=\u00bb4_4&#8243; _builder_version=\u00bb4.16&#8243; custom_padding=\u00bb|||\u00bb global_colors_info=\u00bb{}\u00bb custom_padding__hover=\u00bb|||\u00bb][et_pb_image src=\u00bbhttps:\/\/spanishjournaloflegislativestudies.com\/files\/2018\/07\/contact.png\u00bb align=\u00bbcenter\u00bb align_tablet=\u00bbcenter\u00bb align_phone=\u00bb\u00bb align_last_edited=\u00bbon|desktop\u00bb admin_label=\u00bbImagen\u00bb _builder_version=\u00bb4.17.4&#8243; vertical_offset_tablet=\u00bb0&#8243; horizontal_offset_tablet=\u00bb0&#8243; z_index_tablet=\u00bb0&#8243; box_shadow_horizontal_tablet=\u00bb0px\u00bb box_shadow_vertical_tablet=\u00bb0px\u00bb box_shadow_blur_tablet=\u00bb40px\u00bb box_shadow_spread_tablet=\u00bb0px\u00bb use_border_color=\u00bboff\u00bb global_colors_info=\u00bb{}\u00bb]<\/p>\n<p>\n&nbsp;<\/p>\n<p>[\/et_pb_image][et_pb_text admin_label=\u00bbTexto\u00bb _builder_version=\u00bb4.16&#8243; background_size=\u00bbinitial\u00bb background_position=\u00bbtop_left\u00bb background_repeat=\u00bbrepeat\u00bb use_border_color=\u00bboff\u00bb border_color=\u00bb#ffffff\u00bb border_style=\u00bbsolid\u00bb saved_tabs=\u00bball\u00bb global_colors_info=\u00bb{}\u00bb]<\/p>\n<h4 style=\"text-align: center\"><span style=\"color: #333333\"><strong>CONTACTO DE SOPORTE &#8211; COORDINADOR<br \/>\n<\/strong><\/span><\/h4>\n<p style=\"text-align: center\">Roc\u00edo Rodr\u00edguez Mas<br \/>\n966 658 460<br \/>\ncontacto@spanishjournaloflegislativestudies.com<\/p>\n<p>[\/et_pb_text][\/et_pb_column][\/et_pb_row][\/et_pb_section][et_pb_section fb_built=\u00bb1&#8243; custom_padding_last_edited=\u00bbon|desktop\u00bb admin_label=\u00bbsection\u00bb module_id=\u00bbEquipo\u00bb _builder_version=\u00bb4.16&#8243; background_color=\u00bb#407299&#8243; custom_padding_tablet=\u00bb50px|0|50px|0&#8243; custom_padding_phone=\u00bb\u00bb transparent_background=\u00bboff\u00bb padding_mobile=\u00bboff\u00bb make_fullwidth=\u00bboff\u00bb use_custom_width=\u00bboff\u00bb width_unit=\u00bbon\u00bb global_colors_info=\u00bb{}\u00bb][et_pb_row admin_label=\u00bbrow\u00bb _builder_version=\u00bb4.16&#8243; background_size=\u00bbinitial\u00bb background_position=\u00bbtop_left\u00bb background_repeat=\u00bbrepeat\u00bb global_colors_info=\u00bb{}\u00bb][et_pb_column type=\u00bb4_4&#8243; _builder_version=\u00bb4.16&#8243; custom_padding=\u00bb|||\u00bb global_colors_info=\u00bb{}\u00bb custom_padding__hover=\u00bb|||\u00bb][et_pb_text admin_label=\u00bbTexto\u00bb _builder_version=\u00bb4.16&#8243; background_size=\u00bbinitial\u00bb background_position=\u00bbtop_left\u00bb background_repeat=\u00bbrepeat\u00bb background_layout=\u00bbdark\u00bb use_border_color=\u00bboff\u00bb border_color=\u00bb#ffffff\u00bb border_style=\u00bbsolid\u00bb saved_tabs=\u00bball\u00bb global_colors_info=\u00bb{}\u00bb]<\/p>\n<h2 class=\"section-title\" style=\"text-align: left\">Consejo editorial<\/h2>\n<p>[\/et_pb_text][\/et_pb_column][\/et_pb_row][et_pb_row admin_label=\u00bbFila\u00bb _builder_version=\u00bb4.16&#8243; background_size=\u00bbinitial\u00bb background_position=\u00bbtop_left\u00bb background_repeat=\u00bbrepeat\u00bb global_colors_info=\u00bb{}\u00bb][et_pb_column type=\u00bb4_4&#8243; _builder_version=\u00bb4.16&#8243; custom_padding=\u00bb|||\u00bb global_colors_info=\u00bb{}\u00bb custom_padding__hover=\u00bb|||\u00bb][et_pb_image src=\u00bbhttps:\/\/spanishjournaloflegislativestudies.com\/files\/2018\/07\/director-e1537435781694.png\u00bb align=\u00bbcenter\u00bb align_tablet=\u00bbcenter\u00bb align_phone=\u00bb\u00bb align_last_edited=\u00bbon|desktop\u00bb admin_label=\u00bbImagen\u00bb _builder_version=\u00bb4.17.4&#8243; vertical_offset_tablet=\u00bb0&#8243; horizontal_offset_tablet=\u00bb0&#8243; z_index_tablet=\u00bb0&#8243; box_shadow_horizontal_tablet=\u00bb0px\u00bb box_shadow_vertical_tablet=\u00bb0px\u00bb box_shadow_blur_tablet=\u00bb40px\u00bb box_shadow_spread_tablet=\u00bb0px\u00bb use_border_color=\u00bboff\u00bb global_colors_info=\u00bb{}\u00bb]<\/p>\n<p>\n&nbsp;<\/p>\n<p>[\/et_pb_image][et_pb_text admin_label=\u00bbTexto\u00bb _builder_version=\u00bb4.17.4&#8243; background_size=\u00bbinitial\u00bb background_position=\u00bbtop_left\u00bb background_repeat=\u00bbrepeat\u00bb text_orientation=\u00bbcenter\u00bb background_layout=\u00bbdark\u00bb module_alignment=\u00bbcenter\u00bb use_border_color=\u00bboff\u00bb border_color=\u00bb#ffffff\u00bb border_style=\u00bbsolid\u00bb saved_tabs=\u00bball\u00bb global_colors_info=\u00bb{}\u00bb]<\/p>\n<h5 style=\"text-align: center\"><strong>JEFA DE REDACCI\u00d3N<\/strong>: <a href=\"https:\/\/umh.es\/contenido\/Universidad\/:persona_136284\/datos_es.html?marcaTxtBusc=Elena%20Crespo\" target=\"_blank\" rel=\"noopener\">Elena Crespo Navarro<\/a><\/h5>\n<p style=\"text-align: center\">Universidad Miguel Hern\u00e1ndez<\/p>\n<p>[\/et_pb_text][\/et_pb_column][\/et_pb_row][et_pb_row admin_label=\u00bbFila\u00bb _builder_version=\u00bb4.16&#8243; background_size=\u00bbinitial\u00bb background_position=\u00bbtop_left\u00bb background_repeat=\u00bbrepeat\u00bb global_colors_info=\u00bb{}\u00bb][et_pb_column type=\u00bb4_4&#8243; _builder_version=\u00bb4.16&#8243; custom_padding=\u00bb|||\u00bb global_colors_info=\u00bb{}\u00bb custom_padding__hover=\u00bb|||\u00bb][et_pb_image src=\u00bbhttps:\/\/spanishjournaloflegislativestudies.com\/files\/2018\/07\/director-e1537435781694.png\u00bb align=\u00bbcenter\u00bb align_tablet=\u00bbcenter\u00bb align_phone=\u00bb\u00bb align_last_edited=\u00bbon|desktop\u00bb admin_label=\u00bbImagen\u00bb _builder_version=\u00bb4.17.4&#8243; vertical_offset_tablet=\u00bb0&#8243; horizontal_offset_tablet=\u00bb0&#8243; z_index_tablet=\u00bb0&#8243; box_shadow_horizontal_tablet=\u00bb0px\u00bb box_shadow_vertical_tablet=\u00bb0px\u00bb box_shadow_blur_tablet=\u00bb40px\u00bb box_shadow_spread_tablet=\u00bb0px\u00bb use_border_color=\u00bboff\u00bb global_colors_info=\u00bb{}\u00bb]<\/p>\n<p>\n&nbsp;<\/p>\n<p>[\/et_pb_image][et_pb_text admin_label=\u00bbTexto\u00bb _builder_version=\u00bb4.16&#8243; background_size=\u00bbinitial\u00bb background_position=\u00bbtop_left\u00bb background_repeat=\u00bbrepeat\u00bb text_orientation=\u00bbcenter\u00bb background_layout=\u00bbdark\u00bb module_alignment=\u00bbcenter\u00bb use_border_color=\u00bboff\u00bb border_color=\u00bb#ffffff\u00bb border_style=\u00bbsolid\u00bb saved_tabs=\u00bball\u00bb global_colors_info=\u00bb{}\u00bb]<\/p>\n<h5 style=\"text-align: center\"><strong>SUBDIRECTOR<\/strong>:\u00a0<a href=\"https:\/\/cvnet.cpd.ua.es\/curriculum-breve\/es\/esteve-gonzalez-lydia\/2155\" target=\"_blank\" rel=\"noopener\">Lydia Esteve Gonz\u00e1lez<\/a><\/h5>\n<p style=\"text-align: center\">Universidad de Alicante<\/p>\n<p>[\/et_pb_text][\/et_pb_column][\/et_pb_row][et_pb_row admin_label=\u00bbFila\u00bb _builder_version=\u00bb4.16&#8243; background_size=\u00bbinitial\u00bb background_position=\u00bbtop_left\u00bb background_repeat=\u00bbrepeat\u00bb global_colors_info=\u00bb{}\u00bb][et_pb_column type=\u00bb4_4&#8243; _builder_version=\u00bb4.16&#8243; custom_padding=\u00bb|||\u00bb global_colors_info=\u00bb{}\u00bb custom_padding__hover=\u00bb|||\u00bb][et_pb_image src=\u00bbhttps:\/\/spanishjournaloflegislativestudies.com\/files\/2018\/09\/secretary-e1537436254792.png\u00bb align=\u00bbcenter\u00bb align_tablet=\u00bbcenter\u00bb align_phone=\u00bb\u00bb align_last_edited=\u00bbon|desktop\u00bb admin_label=\u00bbImagen\u00bb _builder_version=\u00bb4.17.4&#8243; vertical_offset_tablet=\u00bb0&#8243; horizontal_offset_tablet=\u00bb0&#8243; z_index_tablet=\u00bb0&#8243; box_shadow_horizontal_tablet=\u00bb0px\u00bb box_shadow_vertical_tablet=\u00bb0px\u00bb box_shadow_blur_tablet=\u00bb40px\u00bb box_shadow_spread_tablet=\u00bb0px\u00bb use_border_color=\u00bboff\u00bb global_colors_info=\u00bb{}\u00bb]<\/p>\n<p>\n&nbsp;<\/p>\n<p>[\/et_pb_image][et_pb_text admin_label=\u00bbTexto\u00bb _builder_version=\u00bb4.16&#8243; background_size=\u00bbinitial\u00bb background_position=\u00bbtop_left\u00bb background_repeat=\u00bbrepeat\u00bb text_orientation=\u00bbcenter\u00bb background_layout=\u00bbdark\u00bb module_alignment=\u00bbcenter\u00bb use_border_color=\u00bboff\u00bb border_color=\u00bb#ffffff\u00bb border_style=\u00bbsolid\u00bb saved_tabs=\u00bball\u00bb global_colors_info=\u00bb{}\u00bb]<\/p>\n<h5 style=\"text-align: center\"><b>CO-EDITORES<\/b>: <a href=\"https:\/\/www.umh.es\/contenido\/Estudios\/:persona_130489\/datos_es.html\" target=\"_blank\" rel=\"noopener\">Elena B. Fern\u00e1ndez Castej\u00f3n<\/a> y <a href=\"https:\/\/umh.es\/contenido\/Estudios\/:persona_140886\/datos_es.html\" target=\"_blank\" rel=\"noopener\">Sara Moreno Tejada<\/a><\/h5>\n<p style=\"text-align: center\">Universidad Miguel Hern\u00e1ndez<\/p>\n<p>[\/et_pb_text][\/et_pb_column][\/et_pb_row][et_pb_row admin_label=\u00bbFila\u00bb _builder_version=\u00bb4.16&#8243; background_size=\u00bbinitial\u00bb background_position=\u00bbtop_left\u00bb background_repeat=\u00bbrepeat\u00bb global_colors_info=\u00bb{}\u00bb][et_pb_column type=\u00bb4_4&#8243; _builder_version=\u00bb4.16&#8243; custom_padding=\u00bb|||\u00bb global_colors_info=\u00bb{}\u00bb custom_padding__hover=\u00bb|||\u00bb][et_pb_image src=\u00bbhttps:\/\/spanishjournaloflegislativestudies.com\/files\/2018\/09\/coordinate-e1537436712104.png\u00bb align=\u00bbcenter\u00bb align_tablet=\u00bbcenter\u00bb align_phone=\u00bb\u00bb align_last_edited=\u00bbon|desktop\u00bb admin_label=\u00bbImagen\u00bb _builder_version=\u00bb4.17.4&#8243; vertical_offset_tablet=\u00bb0&#8243; horizontal_offset_tablet=\u00bb0&#8243; z_index_tablet=\u00bb0&#8243; box_shadow_horizontal_tablet=\u00bb0px\u00bb box_shadow_vertical_tablet=\u00bb0px\u00bb box_shadow_blur_tablet=\u00bb40px\u00bb box_shadow_spread_tablet=\u00bb0px\u00bb use_border_color=\u00bboff\u00bb global_colors_info=\u00bb{}\u00bb]<\/p>\n<p>\n&nbsp;<\/p>\n<p>[\/et_pb_image][et_pb_text admin_label=\u00bbTexto\u00bb _builder_version=\u00bb4.17.4&#8243; background_size=\u00bbinitial\u00bb background_position=\u00bbtop_left\u00bb background_repeat=\u00bbrepeat\u00bb text_orientation=\u00bbcenter\u00bb background_layout=\u00bbdark\u00bb module_alignment=\u00bbcenter\u00bb use_border_color=\u00bboff\u00bb border_color=\u00bb#ffffff\u00bb border_style=\u00bbsolid\u00bb saved_tabs=\u00bball\u00bb global_colors_info=\u00bb{}\u00bb]<\/p>\n<h5 style=\"text-align: center\"><strong>REDACTORA ADJUNTA<\/strong>:<a href=\"https:\/\/curie.um.es\/curie\/servlet\/um.curie.ginvest.ControlGrinvest?accion=fichainvestigador&amp;dept_codigo=E0B2&amp;grin_codigo=03&amp;grin_nombre=HISTORIA%20DE%20LAS%20FUENTES%20E%20INSTITUCIONES%20HISTORICAS&amp;d=59610DA08586CE8544EFF9A988AA038F\" target=\"_blank\" rel=\"noopener\"> Victoria Sandoval Parra<\/a><\/h5>\n<p style=\"text-align: center\">Universidad de Murcia<\/p>\n<p>[\/et_pb_text][\/et_pb_column][\/et_pb_row][et_pb_row padding_mobile=\u00bboff\u00bb column_padding_mobile=\u00bbon\u00bb admin_label=\u00bbrow\u00bb _builder_version=\u00bb4.16&#8243; background_size=\u00bbinitial\u00bb background_position=\u00bbtop_left\u00bb background_repeat=\u00bbrepeat\u00bb custom_margin=\u00bb50px|||\u00bb make_fullwidth=\u00bboff\u00bb use_custom_width=\u00bboff\u00bb width_unit=\u00bbon\u00bb global_colors_info=\u00bb{}\u00bb][et_pb_column type=\u00bb4_4&#8243; _builder_version=\u00bb4.16&#8243; custom_padding=\u00bb|||\u00bb global_colors_info=\u00bb{}\u00bb custom_padding__hover=\u00bb|||\u00bb][et_pb_text admin_label=\u00bbTexto\u00bb _builder_version=\u00bb4.17.4&#8243; background_size=\u00bbinitial\u00bb background_position=\u00bbtop_left\u00bb background_repeat=\u00bbrepeat\u00bb background_layout=\u00bbdark\u00bb use_border_color=\u00bboff\u00bb border_color=\u00bb#ffffff\u00bb border_style=\u00bbsolid\u00bb saved_tabs=\u00bball\u00bb global_colors_info=\u00bb{}\u00bb]<\/p>\n<h2 class=\"section-title\" style=\"text-align: left;\">Comit\u00e9 cient\u00edfico<\/h2>\n<p>[\/et_pb_text][\/et_pb_column][\/et_pb_row][et_pb_row column_structure=\u00bb1_4,1_4,1_4,1_4&#8243; admin_label=\u00bbFila\u00bb _builder_version=\u00bb4.16&#8243; background_size=\u00bbinitial\u00bb background_position=\u00bbtop_left\u00bb background_repeat=\u00bbrepeat\u00bb global_colors_info=\u00bb{}\u00bb][et_pb_column type=\u00bb1_4&#8243; _builder_version=\u00bb4.16&#8243; custom_padding=\u00bb|||\u00bb global_colors_info=\u00bb{}\u00bb custom_padding__hover=\u00bb|||\u00bb][et_pb_text admin_label=\u00bbTexto\u00bb _builder_version=\u00bb4.16&#8243; background_size=\u00bbinitial\u00bb background_position=\u00bbtop_left\u00bb background_repeat=\u00bbrepeat\u00bb background_layout=\u00bbdark\u00bb use_border_color=\u00bboff\u00bb border_color=\u00bb#ffffff\u00bb border_style=\u00bbsolid\u00bb saved_tabs=\u00bball\u00bb global_colors_info=\u00bb{}\u00bb]<\/p>\n<h4><a href=\"https:\/\/www.unime.it\/it\/persona\/daniela-novarese\" target=\"_blank\" rel=\"noopener\">Daniela Novarese<\/a><\/h4>\n<p class=\"et_pb_member_position\">Universidad de Messina<\/p>\n<p>[\/et_pb_text][et_pb_text admin_label=\u00bbTexto\u00bb _builder_version=\u00bb4.16&#8243; background_size=\u00bbinitial\u00bb background_position=\u00bbtop_left\u00bb background_repeat=\u00bbrepeat\u00bb background_layout=\u00bbdark\u00bb use_border_color=\u00bboff\u00bb border_color=\u00bb#ffffff\u00bb border_style=\u00bbsolid\u00bb saved_tabs=\u00bball\u00bb global_colors_info=\u00bb{}\u00bb]<\/p>\n<h4><a href=\"https:\/\/www.jura.fu-berlin.de\/fachbereich\/einrichtungen\/zivilrecht\/lehrende\/czeguhni\/index.html\" target=\"_blank\" rel=\"noopener\">Ignacio Czeguhn<\/a><\/h4>\n<p class=\"et_pb_member_position\">Freie Universit\u00e4t Berlin<\/p>\n<p>[\/et_pb_text][et_pb_text _builder_version=\u00bb4.16&#8243; background_size=\u00bbinitial\u00bb background_position=\u00bbtop_left\u00bb background_repeat=\u00bbrepeat\u00bb background_layout=\u00bbdark\u00bb use_border_color=\u00bboff\u00bb border_color=\u00bb#ffffff\u00bb border_style=\u00bbsolid\u00bb saved_tabs=\u00bball\u00bb global_colors_info=\u00bb{}\u00bb]<\/p>\n<h4><a href=\"https:\/\/cvnet.cpd.ua.es\/curriculum-breve\/es\/barcelo-domenech-javier\/13136\" target=\"_blank\" rel=\"noopener\">Javier Barcel\u00f3 Dom\u00e9nech<\/a><\/h4>\n<p class=\"et_pb_member_position\">Universidad de Alicante<\/p>\n<p>[\/et_pb_text][et_pb_text _builder_version=\u00bb4.16&#8243; background_size=\u00bbinitial\u00bb background_position=\u00bbtop_left\u00bb background_repeat=\u00bbrepeat\u00bb background_layout=\u00bbdark\u00bb use_border_color=\u00bboff\u00bb border_color=\u00bb#ffffff\u00bb border_style=\u00bbsolid\u00bb saved_tabs=\u00bball\u00bb global_colors_info=\u00bb{}\u00bb]<\/p>\n<h4><a href=\"https:\/\/www.uni-regensburg.de\/rechtswissenschaft\/buergerliches-recht\/loehnig\/team\/martin-loehnig\/index.html\" target=\"_blank\" rel=\"noopener\">Martin L\u00f6hnig\u00a0<\/a><\/h4>\n<p class=\"et_pb_member_position\">Universidad de Regensburg<\/p>\n<p>[\/et_pb_text][\/et_pb_column][et_pb_column type=\u00bb1_4&#8243; _builder_version=\u00bb4.16&#8243; custom_padding=\u00bb|||\u00bb global_colors_info=\u00bb{}\u00bb custom_padding__hover=\u00bb|||\u00bb][et_pb_text admin_label=\u00bbTexto\u00bb _builder_version=\u00bb4.16&#8243; background_size=\u00bbinitial\u00bb background_position=\u00bbtop_left\u00bb background_repeat=\u00bbrepeat\u00bb background_layout=\u00bbdark\u00bb use_border_color=\u00bboff\u00bb border_color=\u00bb#ffffff\u00bb border_style=\u00bbsolid\u00bb saved_tabs=\u00bball\u00bb global_colors_info=\u00bb{}\u00bb]<\/p>\n<h4><a href=\"https:\/\/people.uniud.it\/page\/laura.montanari\" target=\"_blank\" rel=\"noopener\">Laura Montanari<\/a><\/h4>\n<p class=\"et_pb_member_position\">Universidad de \u00dadine<\/p>\n<p>[\/et_pb_text][et_pb_text _builder_version=\u00bb4.16&#8243; background_size=\u00bbinitial\u00bb background_position=\u00bbtop_left\u00bb background_repeat=\u00bbrepeat\u00bb background_layout=\u00bbdark\u00bb use_border_color=\u00bboff\u00bb border_color=\u00bb#ffffff\u00bb border_style=\u00bbsolid\u00bb saved_tabs=\u00bball\u00bb global_colors_info=\u00bb{}\u00bb]<\/p>\n<h4><a href=\"https:\/\/faculty.txstate.edu\/profile\/1921055\" target=\"_blank\" rel=\"noopener\">Marcus Felson<\/a><\/h4>\n<p class=\"et_pb_member_position\">Universidad de Texas<\/p>\n<p>[\/et_pb_text][et_pb_text admin_label=\u00bbTexto\u00bb _builder_version=\u00bb4.16&#8243; background_size=\u00bbinitial\u00bb background_position=\u00bbtop_left\u00bb background_repeat=\u00bbrepeat\u00bb background_layout=\u00bbdark\u00bb use_border_color=\u00bboff\u00bb border_color=\u00bb#ffffff\u00bb border_style=\u00bbsolid\u00bb saved_tabs=\u00bball\u00bb global_colors_info=\u00bb{}\u00bb]<\/p>\n<h4><a href=\"https:\/\/www.uv.es\/uvweb\/universidad\/es\/ficha-persona-1285950309813.html?p2=bellver&amp;idA=true\" target=\"_blank\" rel=\"noopener\">Vicente Bellver Capella<\/a><\/h4>\n<p class=\"et_pb_member_position\">Universidad de Valencia<\/p>\n<p>[\/et_pb_text][et_pb_text admin_label=\u00bbTexto\u00bb _builder_version=\u00bb4.16&#8243; background_size=\u00bbinitial\u00bb background_position=\u00bbtop_left\u00bb background_repeat=\u00bbrepeat\u00bb background_layout=\u00bbdark\u00bb use_border_color=\u00bboff\u00bb border_color=\u00bb#ffffff\u00bb border_style=\u00bbsolid\u00bb saved_tabs=\u00bball\u00bb global_colors_info=\u00bb{}\u00bb]<\/p>\n<h4><a href=\"https:\/\/www.uv.es\/uvweb\/universidad\/es\/ficha-persona-1285950309813.html?p2=gpalao&amp;idA=true\" target=\"_blank\" rel=\"noopener\">Guillermo Palao Moreno<\/a><\/h4>\n<p class=\"et_pb_member_position\">Universidad de Valencia<\/p>\n<p>[\/et_pb_text][\/et_pb_column][et_pb_column type=\u00bb1_4&#8243; _builder_version=\u00bb4.16&#8243; custom_padding=\u00bb|||\u00bb global_colors_info=\u00bb{}\u00bb custom_padding__hover=\u00bb|||\u00bb][et_pb_text admin_label=\u00bbTexto\u00bb _builder_version=\u00bb4.16&#8243; background_size=\u00bbinitial\u00bb background_position=\u00bbtop_left\u00bb background_repeat=\u00bbrepeat\u00bb background_layout=\u00bbdark\u00bb use_border_color=\u00bboff\u00bb border_color=\u00bb#ffffff\u00bb border_style=\u00bbsolid\u00bb saved_tabs=\u00bball\u00bb global_colors_info=\u00bb{}\u00bb]<\/p>\n<h4>Francisco <a href=\"https:\/\/www.ugr.es\/personal\/a1fd5a9b8ed1d731792678537e996e0a\" target=\"_blank\" rel=\"noopener\">Javier Camacho de los R\u00edos<\/a><\/h4>\n<p class=\"et_pb_member_position\">Universidad de Granada<\/p>\n<p>[\/et_pb_text][et_pb_text _builder_version=\u00bb4.16&#8243; background_size=\u00bbinitial\u00bb background_position=\u00bbtop_left\u00bb background_repeat=\u00bbrepeat\u00bb background_layout=\u00bbdark\u00bb use_border_color=\u00bboff\u00bb border_color=\u00bb#ffffff\u00bb border_style=\u00bbsolid\u00bb saved_tabs=\u00bball\u00bb global_colors_info=\u00bb{}\u00bb]<\/p>\n<h4><a href=\"https:\/\/www.unime.it\/it\/persona\/vittoria-calabr%C3%B2\" target=\"_blank\" rel=\"noopener\">Vittoria Calabr\u00f2\u00a0<\/a><\/h4>\n<p class=\"et_pb_member_position\">Universidad de Messina<\/p>\n<p>[\/et_pb_text][et_pb_text _builder_version=\u00bb4.16&#8243; background_size=\u00bbinitial\u00bb background_position=\u00bbtop_left\u00bb background_repeat=\u00bbrepeat\u00bb background_layout=\u00bbdark\u00bb use_border_color=\u00bboff\u00bb border_color=\u00bb#ffffff\u00bb border_style=\u00bbsolid\u00bb saved_tabs=\u00bball\u00bb global_colors_info=\u00bb{}\u00bb]<\/p>\n<h4><a href=\"https:\/\/www.arenilla.es\/\" target=\"_blank\" rel=\"noopener\">Manuel Arenilla S\u00e1ez\u00a0<\/a><\/h4>\n<p class=\"et_pb_member_position\">Universidad\u00a0Rey Juan Carlos<\/p>\n<p>[\/et_pb_text][et_pb_text admin_label=\u00bbTexto\u00bb _builder_version=\u00bb4.16&#8243; background_size=\u00bbinitial\u00bb background_position=\u00bbtop_left\u00bb background_repeat=\u00bbrepeat\u00bb background_layout=\u00bbdark\u00bb use_border_color=\u00bboff\u00bb border_color=\u00bb#ffffff\u00bb border_style=\u00bbsolid\u00bb saved_tabs=\u00bball\u00bb global_colors_info=\u00bb{}\u00bb]<\/p>\n<h4><a href=\"https:\/\/cvnet.cpd.ua.es\/curriculum-breve\/es\/gonzalez-varas-ibanez-santiago\/4812\" target=\"_blank\" rel=\"noopener\">Santiago Jos\u00e9 Gonz\u00e1lez-Varas Ib\u00e1\u00f1ez<\/a><\/h4>\n<p class=\"et_pb_member_position\">Universidad de Alicante<\/p>\n<p>[\/et_pb_text][\/et_pb_column][et_pb_column type=\u00bb1_4&#8243; _builder_version=\u00bb4.16&#8243; custom_padding=\u00bb|||\u00bb global_colors_info=\u00bb{}\u00bb custom_padding__hover=\u00bb|||\u00bb][et_pb_text admin_label=\u00bbTexto\u00bb _builder_version=\u00bb4.16&#8243; background_size=\u00bbinitial\u00bb background_position=\u00bbtop_left\u00bb background_repeat=\u00bbrepeat\u00bb background_layout=\u00bbdark\u00bb use_border_color=\u00bboff\u00bb border_color=\u00bb#ffffff\u00bb border_style=\u00bbsolid\u00bb saved_tabs=\u00bball\u00bb global_colors_info=\u00bb{}\u00bb]<\/p>\n<h4><a href=\"https:\/\/www.ub.edu\/dret-professorat\/cat\/victor.gomez.ub.edu.html\" target=\"_blank\" rel=\"noopener\">V\u00edctor G\u00f3mez Mart\u00edn<\/a><\/h4>\n<p class=\"et_pb_member_position\">Universidad de Barcelona<\/p>\n<p>[\/et_pb_text][et_pb_text _builder_version=\u00bb4.16&#8243; background_size=\u00bbinitial\u00bb background_position=\u00bbtop_left\u00bb background_repeat=\u00bbrepeat\u00bb background_layout=\u00bbdark\u00bb use_border_color=\u00bboff\u00bb border_color=\u00bb#ffffff\u00bb border_style=\u00bbsolid\u00bb saved_tabs=\u00bball\u00bb global_colors_info=\u00bb{}\u00bb]<\/p>\n<h4><a href=\"https:\/\/www.uah.es\/es\/estudios\/profesor\/Francisco-Jose-Pascual-Vives\/\" target=\"_blank\" rel=\"noopener\">Francisco Jos\u00e9 Pascual Vives\u00a0<\/a><\/h4>\n<p class=\"et_pb_member_position\">Universidad de Alcal\u00e1<\/p>\n<p>[\/et_pb_text][et_pb_text _builder_version=\u00bb4.16&#8243; background_size=\u00bbinitial\u00bb background_position=\u00bbtop_left\u00bb background_repeat=\u00bbrepeat\u00bb background_layout=\u00bbdark\u00bb use_border_color=\u00bboff\u00bb border_color=\u00bb#ffffff\u00bb border_style=\u00bbsolid\u00bb saved_tabs=\u00bball\u00bb global_colors_info=\u00bb{}\u00bb]<\/p>\n<h4><a href=\"https:\/\/www.unibo.it\/sitoweb\/giovanni.luchetti\/en\" target=\"_blank\" rel=\"noopener\">Giovanni Luchetti<\/a><\/h4>\n<p class=\"et_pb_member_position\">Universidad de Bolonia<\/p>\n<p>[\/et_pb_text][\/et_pb_column][\/et_pb_row][\/et_pb_section][et_pb_section fb_built=\u00bb1&#8243; _builder_version=\u00bb4.17.4&#8243; _module_preset=\u00bbdefault\u00bb global_colors_info=\u00bb{}\u00bb][et_pb_row padding_mobile=\u00bboff\u00bb column_padding_mobile=\u00bbon\u00bb admin_label=\u00bbrow\u00bb _builder_version=\u00bb4.16&#8243; background_size=\u00bbinitial\u00bb background_position=\u00bbtop_left\u00bb background_repeat=\u00bbrepeat\u00bb make_fullwidth=\u00bboff\u00bb use_custom_width=\u00bboff\u00bb width_unit=\u00bbon\u00bb global_colors_info=\u00bb{}\u00bb][et_pb_column type=\u00bb4_4&#8243; _builder_version=\u00bb4.16&#8243; custom_padding=\u00bb|||\u00bb global_colors_info=\u00bb{}\u00bb custom_padding__hover=\u00bb|||\u00bb][et_pb_text admin_label=\u00bbHist\u00f3rico\u00bb _builder_version=\u00bb4.17.4&#8243; background_size=\u00bbinitial\u00bb background_position=\u00bbtop_left\u00bb background_repeat=\u00bbrepeat\u00bb use_border_color=\u00bboff\u00bb border_color=\u00bb#ffffff\u00bb border_style=\u00bbsolid\u00bb global_colors_info=\u00bb{}\u00bb]<\/p>\n<h2 class=\"section-title\" style=\"text-align: left;\">Hist\u00f3rico<\/h2>\n<p>[\/et_pb_text][\/et_pb_column][\/et_pb_row][\/et_pb_section][et_pb_section fb_built=\u00bb1&#8243; custom_padding_last_edited=\u00bbon|desktop\u00bb admin_label=\u00bbsection\u00bb module_id=\u00bbPoliticas\u00bb _builder_version=\u00bb4.17.4&#8243; background_color=\u00bb#407299&#8243; custom_padding_tablet=\u00bb50px|0|50px|0&#8243; custom_padding_phone=\u00bb\u00bb transparent_background=\u00bboff\u00bb padding_mobile=\u00bboff\u00bb make_fullwidth=\u00bboff\u00bb use_custom_width=\u00bboff\u00bb width_unit=\u00bbon\u00bb global_colors_info=\u00bb{}\u00bb][et_pb_row padding_mobile=\u00bboff\u00bb column_padding_mobile=\u00bbon\u00bb admin_label=\u00bbrow\u00bb _builder_version=\u00bb4.16&#8243; background_size=\u00bbinitial\u00bb background_position=\u00bbtop_left\u00bb background_repeat=\u00bbrepeat\u00bb make_fullwidth=\u00bboff\u00bb use_custom_width=\u00bboff\u00bb width_unit=\u00bbon\u00bb global_colors_info=\u00bb{}\u00bb][et_pb_column type=\u00bb4_4&#8243; _builder_version=\u00bb4.16&#8243; custom_padding=\u00bb|||\u00bb global_colors_info=\u00bb{}\u00bb custom_padding__hover=\u00bb|||\u00bb][et_pb_text admin_label=\u00bbTexto\u00bb _builder_version=\u00bb4.17.4&#8243; background_size=\u00bbinitial\u00bb background_position=\u00bbtop_left\u00bb background_repeat=\u00bbrepeat\u00bb hover_enabled=\u00bb0&#8243; use_border_color=\u00bboff\u00bb border_color=\u00bb#ffffff\u00bb border_style=\u00bbsolid\u00bb global_colors_info=\u00bb{}\u00bb header_2_text_color=\u00bb#FFFFFF\u00bb sticky_enabled=\u00bb0&#8243;]<\/p>\n<h2 class=\"section-title\" style=\"text-align: left;\">Pol\u00edticas<\/h2>\n<p>[\/et_pb_text][\/et_pb_column][\/et_pb_row][et_pb_row column_structure=\u00bb1_2,1_2&#8243; admin_label=\u00bbFila\u00bb _builder_version=\u00bb4.16&#8243; background_size=\u00bbinitial\u00bb background_position=\u00bbtop_left\u00bb background_repeat=\u00bbrepeat\u00bb global_colors_info=\u00bb{}\u00bb][et_pb_column type=\u00bb1_2&#8243; _builder_version=\u00bb4.16&#8243; custom_padding=\u00bb|||\u00bb global_colors_info=\u00bb{}\u00bb custom_padding__hover=\u00bb|||\u00bb][et_pb_toggle title=\u00bbEnfoque y alcance\u00bb icon_color=\u00bb#407299&#8243; open_icon_color=\u00bb#407299&#8243; admin_label=\u00bbConmutador\u00bb _builder_version=\u00bb4.17.4&#8243; background_size=\u00bbinitial\u00bb background_position=\u00bbtop_left\u00bb background_repeat=\u00bbrepeat\u00bb use_border_color=\u00bboff\u00bb border_color=\u00bb#ffffff\u00bb border_style=\u00bbsolid\u00bb saved_tabs=\u00bball\u00bb global_colors_info=\u00bb{}\u00bb]<\/p>\n<p style=\"margin: 0cm 0cm 0.0001pt;line-height: 17.85pt;background: white;vertical-align: baseline;text-align: justify\"><em>Spanish Journal of Legislative Studies\u00a0<\/em>es una revista electr\u00f3nica creada en 2019, que pretende difundir investigaciones acad\u00e9micas centradas en el an\u00e1lisis del contenido normativo y en el impacto social de la legislaci\u00f3n, ya sea actual o hist\u00f3rica, nacional o internacional, poniendo especial \u00e9nfasis en los cambios legislativos y de interpretaci\u00f3n normativa.<\/p>\n<p style=\"margin: 0cm 0cm 0.0001pt;line-height: 17.85pt;background: white;vertical-align: baseline;text-align: justify\">Se dirige a investigadores y profesionales del Derecho, con la finalidad de promover el conocimiento de la normativa, su implicaci\u00f3n en la sociedad, antecedentes y cambios.<\/p>\n<p style=\"text-align: justify\">Los estudios deber\u00e1n presentarse en ingl\u00e9s o en cualquier otra lengua de uso com\u00fan para la difusi\u00f3n del conocimiento, la ciencia y la cultura, con el fin de garantizar que el texto sea accesible a un n\u00famero razonable de lectores.<\/p>\n<p>[\/et_pb_toggle][et_pb_toggle title=\u00bbRevisi\u00f3n por pares de doble ciego\u00bb icon_color=\u00bb#407299&#8243; open_icon_color=\u00bb#407299&#8243; admin_label=\u00bbConmutador\u00bb _builder_version=\u00bb4.16&#8243; background_size=\u00bbinitial\u00bb background_position=\u00bbtop_left\u00bb background_repeat=\u00bbrepeat\u00bb use_border_color=\u00bboff\u00bb border_color=\u00bb#ffffff\u00bb border_style=\u00bbsolid\u00bb saved_tabs=\u00bball\u00bb global_colors_info=\u00bb{}\u00bb]<\/p>\n<p style=\"text-align: justify;line-height: 17.85pt\">Todo el contenido de la Secci\u00f3n de <strong>Main Articles<\/strong> de\u00a0<em>Spanish Journal of Legislative Studies<\/em> \u00a0se somete a un proceso de revisi\u00f3n por pares con sistema de doble ciego, de modo que se ocultar\u00e1 siempre tanto la identidad de los autores como la identidad de los revisores. En \u00e9l se valorar\u00e1 la originalidad, relevancia, novedad y calidad metodol\u00f3gica de los trabajos. Todos los art\u00edculos han de ajustarse a las normas de edici\u00f3n que aparecen en esta p\u00e1gina web e\u00a0incluir\u00e1n el t\u00edtulo, un resumen y palabras clave en castellano y en ingl\u00e9s.<\/p>\n<p style=\"text-align: justify;line-height: 17.85pt\">Tras una evaluaci\u00f3n inicial del Consejo Editorial que verifique que el original se ajusta a las directrices para los autores indicadas en el sitio web, el original se enviar\u00e1 a revisores externos, seleccionados en funci\u00f3n del contenido del art\u00edculo, para someterlo a un proceso de evaluaci\u00f3n.\u00a0Los juicios realizados por los evaluadores son objetivos. El resultado del proceso de evaluaci\u00f3n \u00a0puede ser:<\/p>\n<ul>\n<li style=\"text-align: justify;line-height: 17.85pt\">Favorable, sin restricciones.<\/li>\n<li style=\"text-align: justify;line-height: 17.85pt\">Favorable, con recomendaciones de modificaci\u00f3n. El original se devuelve al autor que lo revisa, y el original es reevaluado.<\/li>\n<li style=\"text-align: justify;line-height: 17.85pt\">Desfavorable.<\/li>\n<\/ul>\n<p style=\"text-align: justify;line-height: 17.85pt\">La decisi\u00f3n del Consejo Editorial es soberana y, en tal caso, es libre de publicar o de rechazar cualquier art\u00edculo.<\/p>\n<p>[\/et_pb_toggle][et_pb_toggle title=\u00bbISSN \u00bb icon_color=\u00bb#407299&#8243; open_icon_color=\u00bb#407299&#8243; admin_label=\u00bbConmutador\u00bb _builder_version=\u00bb4.16&#8243; background_size=\u00bbinitial\u00bb background_position=\u00bbtop_left\u00bb background_repeat=\u00bbrepeat\u00bb use_border_color=\u00bboff\u00bb border_color=\u00bb#ffffff\u00bb border_style=\u00bbsolid\u00bb global_colors_info=\u00bb{}\u00bb]<\/p>\n<p>\n2695-5792<\/p>\n<p>[\/et_pb_toggle][et_pb_toggle title=\u00bbPol\u00edtica antiplagio \u00bb icon_color=\u00bb#407299&#8243; open_icon_color=\u00bb#407299&#8243; admin_label=\u00bbConmutador\u00bb _builder_version=\u00bb4.16&#8243; background_size=\u00bbinitial\u00bb background_position=\u00bbtop_left\u00bb background_repeat=\u00bbrepeat\u00bb use_border_color=\u00bboff\u00bb border_color=\u00bb#ffffff\u00bb border_style=\u00bbsolid\u00bb saved_tabs=\u00bball\u00bb global_colors_info=\u00bb{}\u00bb]<\/p>\n<p style=\"text-align: justify;line-height: 17.85pt\">Los art\u00edculos enviados estar\u00e1n sujetos a un doble proceso de detecci\u00f3n de posible plagio:<\/p>\n<ul>\n<li>TURNITIN.<\/li>\n<li>B\u00fasqueda de similitudes mediante un proceso informatizado con la base de datos propia de la revista.<\/li>\n<\/ul>\n<p style=\"text-align: justify;line-height: 17.85pt\">En caso de plagio, el art\u00edculo no se publicar\u00e1 bajo ning\u00fan concepto. Previamente el Consejo Editorial se pondr\u00e1 en contacto con el autor de forma que \u00e9ste pueda alegar cuanto estime conveniente.<\/p>\n<p style=\"text-align: justify;line-height: 17.85pt\">La revista se reserva el derecho a solicitar el acceso a fuentes y otros materiales relacionados con los datos cient\u00edficos originales en los que se basan los art\u00edculos presentados, con el fin de asegurar su veracidad y validez, tanto antes como despu\u00e9s de la publicaci\u00f3n del art\u00edculo. Asimismo, ejercer\u00e1 las acciones que estime oportunas en caso de dudas sobre la autor\u00eda de los manuscritos.<\/p>\n<p style=\"text-align: justify;line-height: 17.85pt\">Los art\u00edculos deber\u00e1n ser originales, de forma que no hayan sido publicados previamente ni presentados a otras revistas.<\/p>\n<p>[\/et_pb_toggle][\/et_pb_column][et_pb_column type=\u00bb1_2&#8243; _builder_version=\u00bb4.16&#8243; custom_padding=\u00bb|||\u00bb global_colors_info=\u00bb{}\u00bb custom_padding__hover=\u00bb|||\u00bb][et_pb_toggle title=\u00bbPol\u00edticas de secci\u00f3n\u00bb icon_color=\u00bb#407299&#8243; open_icon_color=\u00bb#407299&#8243; admin_label=\u00bbConmutador\u00bb _builder_version=\u00bb4.16&#8243; background_size=\u00bbinitial\u00bb background_position=\u00bbtop_left\u00bb background_repeat=\u00bbrepeat\u00bb use_border_color=\u00bboff\u00bb border_color=\u00bb#ffffff\u00bb border_style=\u00bbsolid\u00bb global_colors_info=\u00bb{}\u00bb]<\/p>\n<p>\n<strong>ART\u00cdCULOS<\/strong><\/p>\n<table border=\"0\" width=\"60%\">\n<tbody>\n<tr>\n<td width=\"33%\">\u00a0<a href=\"http:\/\/spanishjournaloflaw.edu.umh.es\/files\/2018\/07\/ok1.png\"><img loading=\"lazy\" class=\"alignnone size-full wp-image-308\" src=\"http:\/\/spanishjournaloflaw.edu.umh.es\/files\/2018\/07\/ok1.png\" alt=\"ok1\" width=\"16\" height=\"14\" \/><\/a>Abrir env\u00edos<\/td>\n<td width=\"33%\">\u00a0<a href=\"http:\/\/spanishjournaloflaw.edu.umh.es\/files\/2018\/07\/ok1.png\"><img loading=\"lazy\" class=\"alignnone size-full wp-image-308\" src=\"http:\/\/spanishjournaloflaw.edu.umh.es\/files\/2018\/07\/ok1.png\" alt=\"ok1\" width=\"16\" height=\"14\" \/><\/a>\u00a0Indizado<\/td>\n<td width=\"34%\">\u00a0<a href=\"http:\/\/spanishjournaloflaw.edu.umh.es\/files\/2018\/07\/ok1.png\"><img loading=\"lazy\" class=\"alignnone size-full wp-image-308\" src=\"http:\/\/spanishjournaloflaw.edu.umh.es\/files\/2018\/07\/ok1.png\" alt=\"ok1\" width=\"16\" height=\"14\" \/><\/a>\u00a0Revisi\u00f3n por pares<\/td>\n<\/tr>\n<\/tbody>\n<\/table>\n<p><strong>INFORMES<\/strong><\/p>\n<table border=\"0\" width=\"60%\">\n<tbody>\n<tr>\n<td width=\"33%\">\u00a0<a href=\"http:\/\/spanishjournaloflaw.edu.umh.es\/files\/2018\/07\/ok1.png\"><img loading=\"lazy\" class=\"alignnone size-full wp-image-308\" src=\"http:\/\/spanishjournaloflaw.edu.umh.es\/files\/2018\/07\/ok1.png\" alt=\"ok1\" width=\"16\" height=\"14\" \/><\/a>Abrir env\u00edos<\/td>\n<td width=\"33%\">\u00a0<a href=\"http:\/\/spanishjournaloflaw.edu.umh.es\/files\/2018\/07\/ok1.png\"><img loading=\"lazy\" class=\"alignnone size-full wp-image-308\" src=\"http:\/\/spanishjournaloflaw.edu.umh.es\/files\/2018\/07\/ok1.png\" alt=\"ok1\" width=\"16\" height=\"14\" \/><\/a>\u00a0Indizado<\/td>\n<td width=\"34%\">\u00a0<a href=\"http:\/\/spanishjournaloflaw.edu.umh.es\/files\/2018\/07\/ok1.png\"><img loading=\"lazy\" class=\"alignnone size-full wp-image-308\" src=\"http:\/\/spanishjournaloflaw.edu.umh.es\/files\/2018\/07\/ok1.png\" alt=\"ok1\" width=\"16\" height=\"14\" \/><\/a>\u00a0Revisi\u00f3n por pares<\/td>\n<\/tr>\n<\/tbody>\n<\/table>\n<p>[\/et_pb_toggle][et_pb_toggle title=\u00bbFrecuencia de Publicaci\u00f3n\u00bb icon_color=\u00bb#407299&#8243; open_icon_color=\u00bb#407299&#8243; admin_label=\u00bbConmutador\u00bb _builder_version=\u00bb4.16&#8243; background_size=\u00bbinitial\u00bb background_position=\u00bbtop_left\u00bb background_repeat=\u00bbrepeat\u00bb use_border_color=\u00bboff\u00bb border_color=\u00bb#ffffff\u00bb border_style=\u00bbsolid\u00bb saved_tabs=\u00bball\u00bb global_colors_info=\u00bb{}\u00bb]<\/p>\n<p>\n<em>Spanish Journal of Legislative Studies<\/em> es una revista\u00a0anual que se publica en el mes de diciembre. Los n\u00fameros son \u201cabiertos\u201d.<\/p>\n<p>[\/et_pb_toggle][et_pb_toggle title=\u00bbCriterios de calidad\u00bb icon_color=\u00bb#407299&#8243; open_icon_color=\u00bb#407299&#8243; admin_label=\u00bbConmutador\u00bb _builder_version=\u00bb4.16&#8243; background_size=\u00bbinitial\u00bb background_position=\u00bbtop_left\u00bb background_repeat=\u00bbrepeat\u00bb use_border_color=\u00bboff\u00bb border_color=\u00bb#ffffff\u00bb border_style=\u00bbsolid\u00bb saved_tabs=\u00bball\u00bb global_colors_info=\u00bb{}\u00bb]<\/p>\n<p>\n<em>Spanish Journal of Legislative Studies<\/em>\u00a0 cumple todos los requisitos de calidad estipulados para las revistas cient\u00edficas de difusi\u00f3n a trav\u00e9s de la red.<\/p>\n<p>[\/et_pb_toggle][et_pb_toggle title=\u00bbArchivado\u00bb icon_color=\u00bb#407299&#8243; open_icon_color=\u00bb#407299&#8243; admin_label=\u00bbConmutador\u00bb _builder_version=\u00bb4.17.4&#8243; background_size=\u00bbinitial\u00bb background_position=\u00bbtop_left\u00bb background_repeat=\u00bbrepeat\u00bb use_border_color=\u00bboff\u00bb border_color=\u00bb#ffffff\u00bb border_style=\u00bbsolid\u00bb saved_tabs=\u00bball\u00bb global_colors_info=\u00bb{}\u00bb]<\/p>\n<p><em>Spanish Journal of Legislative Studies<\/em>\u00a0utiliza el sistema LOCKSS para crear un archivo distribuido entre las bibliotecas participantes, permitiendo a dichas bibliotecas crear archivos permanentes de la revista con fines de preservaci\u00f3n y restauraci\u00f3n.<br \/>La revista est\u00e1 registrada en Sherpa Romeo.<\/p>\n<p>[\/et_pb_toggle][\/et_pb_column][\/et_pb_row][\/et_pb_section][et_pb_section fb_built=\u00bb1&#8243; custom_padding_last_edited=\u00bbon|desktop\u00bb admin_label=\u00bbsection\u00bb module_id=\u00bbEnvios\u00bb _builder_version=\u00bb4.17.4&#8243; background_color=\u00bb#ffffff\u00bb custom_padding_tablet=\u00bb50px|0|50px|0&#8243; custom_padding_phone=\u00bb\u00bb transparent_background=\u00bboff\u00bb padding_mobile=\u00bboff\u00bb make_fullwidth=\u00bboff\u00bb use_custom_width=\u00bboff\u00bb width_unit=\u00bbon\u00bb global_colors_info=\u00bb{}\u00bb][et_pb_row admin_label=\u00bbrow\u00bb _builder_version=\u00bb4.16&#8243; background_size=\u00bbinitial\u00bb background_position=\u00bbtop_left\u00bb background_repeat=\u00bbrepeat\u00bb global_colors_info=\u00bb{}\u00bb][et_pb_column type=\u00bb4_4&#8243; _builder_version=\u00bb4.16&#8243; custom_padding=\u00bb|||\u00bb global_colors_info=\u00bb{}\u00bb custom_padding__hover=\u00bb|||\u00bb][et_pb_text admin_label=\u00bbTexto\u00bb _builder_version=\u00bb4.16&#8243; background_size=\u00bbinitial\u00bb background_position=\u00bbtop_left\u00bb background_repeat=\u00bbrepeat\u00bb use_border_color=\u00bboff\u00bb border_color=\u00bb#ffffff\u00bb border_style=\u00bbsolid\u00bb global_colors_info=\u00bb{}\u00bb]<\/p>\n<h2 class=\"section-title\" style=\"text-align: left\"><span style=\"font-size: 24pt\">Env\u00edos<\/span><\/h2>\n<p>[\/et_pb_text][et_pb_text admin_label=\u00bbTexto\u00bb _builder_version=\u00bb4.16&#8243; text_font_size=\u00bb16&#8243; background_color=\u00bbrgba(167,186,204,0.27)\u00bb background_size=\u00bbinitial\u00bb background_position=\u00bbtop_left\u00bb background_repeat=\u00bbrepeat\u00bb text_orientation=\u00bbcenter\u00bb module_alignment=\u00bbcenter\u00bb use_border_color=\u00bboff\u00bb border_color=\u00bb#ffffff\u00bb border_style=\u00bbsolid\u00bb saved_tabs=\u00bball\u00bb global_colors_info=\u00bb{}\u00bb]<\/p>\n<p>\nEl registro y el inicio de sesi\u00f3n son necesarios para llevar a cabo env\u00edos y para comprobar el estado de los env\u00edos recientes.<br \/>\nIr a <a href=\"https:\/\/revistas.innovacionumh.es\/index.php\/sjls\/login\" target=\"_blank\" rel=\"noopener\">Iniciar sesi\u00f3n<\/a> a una cuenta existente o <a href=\"https:\/\/revistas.innovacionumh.es\/index.php\/sjls\/user\/register\" target=\"_blank\" rel=\"noopener\">Registrar<\/a> una nueva cuenta.<\/p>\n<p>[\/et_pb_text][\/et_pb_column][\/et_pb_row][et_pb_row column_structure=\u00bb1_3,1_3,1_3&#8243; padding_mobile=\u00bboff\u00bb column_padding_mobile=\u00bbon\u00bb admin_label=\u00bbFila\u00bb _builder_version=\u00bb4.16&#8243; background_size=\u00bbinitial\u00bb background_position=\u00bbtop_left\u00bb background_repeat=\u00bbrepeat\u00bb custom_padding=\u00bb||10px|\u00bb make_fullwidth=\u00bboff\u00bb use_custom_width=\u00bboff\u00bb width_unit=\u00bbon\u00bb global_colors_info=\u00bb{}\u00bb][et_pb_column type=\u00bb1_3&#8243; _builder_version=\u00bb4.16&#8243; custom_padding=\u00bb|7px||7px\u00bb global_colors_info=\u00bb{}\u00bb custom_padding__hover=\u00bb|||\u00bb][et_pb_button button_url=\u00bbhttps:\/\/spanishjournaloflegislativestudies.com\/es\/politica-de-acceso-abierto\/\u00bb url_new_window=\u00bbon\u00bb button_text=\u00bbAcceso abierto\u00bb button_alignment=\u00bbcenter\u00bb admin_label=\u00bbBot\u00f3n\u00bb _builder_version=\u00bb4.17.4&#8243; custom_button=\u00bbon\u00bb button_text_size=\u00bb18&#8243; button_text_color=\u00bb#ffffff\u00bb button_bg_color=\u00bb#407299&#8243; button_border_width=\u00bb0&#8243; button_icon=\u00bb&#x69;||divi||400&#8243; custom_css_main_element=\u00bbwidth: 100%;\u00bb button_text_color_hover=\u00bb#000000&#8243; button_letter_spacing_hover=\u00bb0&#8243; button_bg_color_hover=\u00bb#407299&#8243; global_colors_info=\u00bb{}\u00bb button_text_size__hover_enabled=\u00bboff\u00bb button_one_text_size__hover_enabled=\u00bboff\u00bb button_two_text_size__hover_enabled=\u00bboff\u00bb button_text_color__hover_enabled=\u00bbon\u00bb button_text_color__hover=\u00bb#000000&#8243; button_one_text_color__hover_enabled=\u00bboff\u00bb button_two_text_color__hover_enabled=\u00bboff\u00bb button_border_width__hover_enabled=\u00bboff\u00bb button_one_border_width__hover_enabled=\u00bboff\u00bb button_two_border_width__hover_enabled=\u00bboff\u00bb button_border_color__hover_enabled=\u00bboff\u00bb button_one_border_color__hover_enabled=\u00bboff\u00bb button_two_border_color__hover_enabled=\u00bboff\u00bb button_border_radius__hover_enabled=\u00bboff\u00bb button_one_border_radius__hover_enabled=\u00bboff\u00bb button_two_border_radius__hover_enabled=\u00bboff\u00bb button_letter_spacing__hover_enabled=\u00bbon\u00bb button_letter_spacing__hover=\u00bb0&#8243; button_one_letter_spacing__hover_enabled=\u00bboff\u00bb button_two_letter_spacing__hover_enabled=\u00bboff\u00bb button_bg_color__hover_enabled=\u00bbon\u00bb button_bg_color__hover=\u00bb#407299&#8243; button_one_bg_color__hover_enabled=\u00bboff\u00bb button_two_bg_color__hover_enabled=\u00bboff\u00bb]<\/p>\n<p>\n&nbsp;<\/p>\n<p>[\/et_pb_button][\/et_pb_column][et_pb_column type=\u00bb1_3&#8243; _builder_version=\u00bb4.16&#8243; custom_padding=\u00bb|7px||7px\u00bb global_colors_info=\u00bb{}\u00bb custom_padding__hover=\u00bb|||\u00bb][et_pb_button button_url=\u00bbhttps:\/\/spanishjournaloflegislativestudies.com\/es\/directrices-para-autores\/\u00bb url_new_window=\u00bbon\u00bb button_text=\u00bbDirectrices para los autores\u00bb button_alignment=\u00bbcenter\u00bb admin_label=\u00bbBot\u00f3n\u00bb _builder_version=\u00bb4.17.4&#8243; custom_button=\u00bbon\u00bb button_text_size=\u00bb18&#8243; button_text_color=\u00bb#ffffff\u00bb button_bg_color=\u00bb#407299&#8243; button_border_width=\u00bb0&#8243; button_icon=\u00bb&#x69;||divi||400&#8243; custom_css_main_element=\u00bbwidth: 100%;\u00bb button_text_color_hover=\u00bb#000000&#8243; button_letter_spacing_hover=\u00bb0&#8243; button_bg_color_hover=\u00bb#407299&#8243; global_colors_info=\u00bb{}\u00bb button_text_size__hover_enabled=\u00bboff\u00bb button_one_text_size__hover_enabled=\u00bboff\u00bb button_two_text_size__hover_enabled=\u00bboff\u00bb button_text_color__hover_enabled=\u00bbon\u00bb button_text_color__hover=\u00bb#000000&#8243; button_one_text_color__hover_enabled=\u00bboff\u00bb button_two_text_color__hover_enabled=\u00bboff\u00bb button_border_width__hover_enabled=\u00bboff\u00bb button_one_border_width__hover_enabled=\u00bboff\u00bb button_two_border_width__hover_enabled=\u00bboff\u00bb button_border_color__hover_enabled=\u00bboff\u00bb button_one_border_color__hover_enabled=\u00bboff\u00bb button_two_border_color__hover_enabled=\u00bboff\u00bb button_border_radius__hover_enabled=\u00bboff\u00bb button_one_border_radius__hover_enabled=\u00bboff\u00bb button_two_border_radius__hover_enabled=\u00bboff\u00bb button_letter_spacing__hover_enabled=\u00bbon\u00bb button_letter_spacing__hover=\u00bb0&#8243; button_one_letter_spacing__hover_enabled=\u00bboff\u00bb button_two_letter_spacing__hover_enabled=\u00bboff\u00bb button_bg_color__hover_enabled=\u00bbon\u00bb button_bg_color__hover=\u00bb#407299&#8243; button_one_bg_color__hover_enabled=\u00bboff\u00bb button_two_bg_color__hover_enabled=\u00bboff\u00bb]<\/p>\n<p>\n&nbsp;<\/p>\n<p>[\/et_pb_button][\/et_pb_column][et_pb_column type=\u00bb1_3&#8243; _builder_version=\u00bb4.16&#8243; custom_padding=\u00bb|7px||7px\u00bb global_colors_info=\u00bb{}\u00bb custom_padding__hover=\u00bb|||\u00bb][et_pb_button button_url=\u00bbhttps:\/\/spanishjournaloflegislativestudies.com\/es\/lista-preliminar-para-la-preparacion-de-envios\/\u00bb url_new_window=\u00bbon\u00bb button_text=\u00bbLista preliminar para la preparaci\u00f3n de env\u00edos\u00bb button_alignment=\u00bbcenter\u00bb admin_label=\u00bbBot\u00f3n\u00bb _builder_version=\u00bb4.17.4&#8243; custom_button=\u00bbon\u00bb button_text_size=\u00bb18&#8243; button_text_color=\u00bb#ffffff\u00bb button_bg_color=\u00bb#407299&#8243; button_border_width=\u00bb0&#8243; button_icon=\u00bb&#x69;||divi||400&#8243; custom_css_main_element=\u00bbwidth: 100%;\u00bb button_text_color_hover=\u00bb#000000&#8243; button_letter_spacing_hover=\u00bb0&#8243; button_bg_color_hover=\u00bb#407299&#8243; global_colors_info=\u00bb{}\u00bb button_text_size__hover_enabled=\u00bboff\u00bb button_one_text_size__hover_enabled=\u00bboff\u00bb button_two_text_size__hover_enabled=\u00bboff\u00bb button_text_color__hover_enabled=\u00bbon\u00bb button_text_color__hover=\u00bb#000000&#8243; button_one_text_color__hover_enabled=\u00bboff\u00bb button_two_text_color__hover_enabled=\u00bboff\u00bb button_border_width__hover_enabled=\u00bboff\u00bb button_one_border_width__hover_enabled=\u00bboff\u00bb button_two_border_width__hover_enabled=\u00bboff\u00bb button_border_color__hover_enabled=\u00bboff\u00bb button_one_border_color__hover_enabled=\u00bboff\u00bb button_two_border_color__hover_enabled=\u00bboff\u00bb button_border_radius__hover_enabled=\u00bboff\u00bb button_one_border_radius__hover_enabled=\u00bboff\u00bb button_two_border_radius__hover_enabled=\u00bboff\u00bb button_letter_spacing__hover_enabled=\u00bbon\u00bb button_letter_spacing__hover=\u00bb0&#8243; button_one_letter_spacing__hover_enabled=\u00bboff\u00bb button_two_letter_spacing__hover_enabled=\u00bboff\u00bb button_bg_color__hover_enabled=\u00bbon\u00bb button_bg_color__hover=\u00bb#407299&#8243; button_one_bg_color__hover_enabled=\u00bboff\u00bb button_two_bg_color__hover_enabled=\u00bboff\u00bb]<\/p>\n<p>\n&nbsp;<\/p>\n<p>[\/et_pb_button][\/et_pb_column][\/et_pb_row][et_pb_row column_structure=\u00bb1_3,1_3,1_3&#8243; padding_mobile=\u00bboff\u00bb column_padding_mobile=\u00bbon\u00bb admin_label=\u00bbFila\u00bb _builder_version=\u00bb4.16&#8243; background_size=\u00bbinitial\u00bb background_position=\u00bbtop_left\u00bb background_repeat=\u00bbrepeat\u00bb make_fullwidth=\u00bboff\u00bb use_custom_width=\u00bboff\u00bb width_unit=\u00bbon\u00bb global_colors_info=\u00bb{}\u00bb][et_pb_column type=\u00bb1_3&#8243; _builder_version=\u00bb4.16&#8243; custom_padding=\u00bb|7px||7px\u00bb global_colors_info=\u00bb{}\u00bb custom_padding__hover=\u00bb|||\u00bb][et_pb_button button_url=\u00bbhttps:\/\/spanishjournaloflegislativestudies.com\/es\/espanol-derechos-de-autor\/\u00bb url_new_window=\u00bbon\u00bb button_text=\u00bbDerechos de autor\u00bb button_alignment=\u00bbcenter\u00bb admin_label=\u00bbBot\u00f3n\u00bb _builder_version=\u00bb4.17.4&#8243; custom_button=\u00bbon\u00bb button_text_size=\u00bb18&#8243; button_text_color=\u00bb#ffffff\u00bb button_bg_color=\u00bb#407299&#8243; button_border_width=\u00bb0&#8243; button_icon=\u00bb&#x69;||divi||400&#8243; custom_css_main_element=\u00bbwidth: 100%;\u00bb button_text_color_hover=\u00bb#000000&#8243; button_letter_spacing_hover=\u00bb0&#8243; button_bg_color_hover=\u00bb#407299&#8243; global_colors_info=\u00bb{}\u00bb button_text_size__hover_enabled=\u00bboff\u00bb button_one_text_size__hover_enabled=\u00bboff\u00bb button_two_text_size__hover_enabled=\u00bboff\u00bb button_text_color__hover_enabled=\u00bbon\u00bb button_text_color__hover=\u00bb#000000&#8243; button_one_text_color__hover_enabled=\u00bboff\u00bb button_two_text_color__hover_enabled=\u00bboff\u00bb button_border_width__hover_enabled=\u00bboff\u00bb button_one_border_width__hover_enabled=\u00bboff\u00bb button_two_border_width__hover_enabled=\u00bboff\u00bb button_border_color__hover_enabled=\u00bboff\u00bb button_one_border_color__hover_enabled=\u00bboff\u00bb button_two_border_color__hover_enabled=\u00bboff\u00bb button_border_radius__hover_enabled=\u00bboff\u00bb button_one_border_radius__hover_enabled=\u00bboff\u00bb button_two_border_radius__hover_enabled=\u00bboff\u00bb button_letter_spacing__hover_enabled=\u00bbon\u00bb button_letter_spacing__hover=\u00bb0&#8243; button_one_letter_spacing__hover_enabled=\u00bboff\u00bb button_two_letter_spacing__hover_enabled=\u00bboff\u00bb button_bg_color__hover_enabled=\u00bbon\u00bb button_bg_color__hover=\u00bb#407299&#8243; button_one_bg_color__hover_enabled=\u00bboff\u00bb button_two_bg_color__hover_enabled=\u00bboff\u00bb]<\/p>\n<p>\n&nbsp;<\/p>\n<p>[\/et_pb_button][\/et_pb_column][et_pb_column type=\u00bb1_3&#8243; _builder_version=\u00bb4.16&#8243; custom_padding=\u00bb|7px||7px\u00bb global_colors_info=\u00bb{}\u00bb custom_padding__hover=\u00bb|||\u00bb][et_pb_button button_url=\u00bbhttps:\/\/spanishjournaloflegislativestudies.com\/es\/declaracion-de-privacidad\/\u00bb url_new_window=\u00bbon\u00bb button_text=\u00bbDeclaraci\u00f3n de privacidad\u00bb button_alignment=\u00bbcenter\u00bb admin_label=\u00bbBot\u00f3n\u00bb _builder_version=\u00bb4.17.4&#8243; custom_button=\u00bbon\u00bb button_text_size=\u00bb18&#8243; button_text_color=\u00bb#ffffff\u00bb button_bg_color=\u00bb#407299&#8243; button_border_width=\u00bb0&#8243; button_icon=\u00bb&#x69;||divi||400&#8243; custom_css_main_element=\u00bbwidth: 100%;\u00bb button_text_color_hover=\u00bb#000000&#8243; button_letter_spacing_hover=\u00bb0&#8243; button_bg_color_hover=\u00bb#407299&#8243; global_colors_info=\u00bb{}\u00bb button_text_size__hover_enabled=\u00bboff\u00bb button_one_text_size__hover_enabled=\u00bboff\u00bb button_two_text_size__hover_enabled=\u00bboff\u00bb button_text_color__hover_enabled=\u00bbon\u00bb button_text_color__hover=\u00bb#000000&#8243; button_one_text_color__hover_enabled=\u00bboff\u00bb button_two_text_color__hover_enabled=\u00bboff\u00bb button_border_width__hover_enabled=\u00bboff\u00bb button_one_border_width__hover_enabled=\u00bboff\u00bb button_two_border_width__hover_enabled=\u00bboff\u00bb button_border_color__hover_enabled=\u00bboff\u00bb button_one_border_color__hover_enabled=\u00bboff\u00bb button_two_border_color__hover_enabled=\u00bboff\u00bb button_border_radius__hover_enabled=\u00bboff\u00bb button_one_border_radius__hover_enabled=\u00bboff\u00bb button_two_border_radius__hover_enabled=\u00bboff\u00bb button_letter_spacing__hover_enabled=\u00bbon\u00bb button_letter_spacing__hover=\u00bb0&#8243; button_one_letter_spacing__hover_enabled=\u00bboff\u00bb button_two_letter_spacing__hover_enabled=\u00bboff\u00bb button_bg_color__hover_enabled=\u00bbon\u00bb button_bg_color__hover=\u00bb#407299&#8243; button_one_bg_color__hover_enabled=\u00bboff\u00bb button_two_bg_color__hover_enabled=\u00bboff\u00bb]<\/p>\n<p>\n&nbsp;<\/p>\n<p>[\/et_pb_button][\/et_pb_column][et_pb_column type=\u00bb1_3&#8243; _builder_version=\u00bb4.16&#8243; custom_padding=\u00bb|7px||7px\u00bb global_colors_info=\u00bb{}\u00bb custom_padding__hover=\u00bb|||\u00bb][et_pb_button button_url=\u00bbhttps:\/\/spanishjournaloflegislativestudies.com\/es\/ethical-standard-es\/\u00bb url_new_window=\u00bbon\u00bb button_text=\u00bbC\u00f3digo de buenas pr\u00e1cticas\u00bb button_alignment=\u00bbcenter\u00bb admin_label=\u00bbBot\u00f3n\u00bb _builder_version=\u00bb4.17.4&#8243; custom_button=\u00bbon\u00bb button_text_size=\u00bb18&#8243; button_text_color=\u00bb#ffffff\u00bb button_bg_color=\u00bb#407299&#8243; button_border_width=\u00bb0&#8243; button_icon=\u00bb&#x69;||divi||400&#8243; custom_css_main_element=\u00bbwidth: 100%;\u00bb button_text_color_hover=\u00bb#000000&#8243; button_letter_spacing_hover=\u00bb0&#8243; button_bg_color_hover=\u00bb#407299&#8243; saved_tabs=\u00bball\u00bb global_colors_info=\u00bb{}\u00bb button_text_size__hover_enabled=\u00bboff\u00bb button_one_text_size__hover_enabled=\u00bboff\u00bb button_two_text_size__hover_enabled=\u00bboff\u00bb button_text_color__hover_enabled=\u00bbon\u00bb button_text_color__hover=\u00bb#000000&#8243; button_one_text_color__hover_enabled=\u00bboff\u00bb button_two_text_color__hover_enabled=\u00bboff\u00bb button_border_width__hover_enabled=\u00bboff\u00bb button_one_border_width__hover_enabled=\u00bboff\u00bb button_two_border_width__hover_enabled=\u00bboff\u00bb button_border_color__hover_enabled=\u00bboff\u00bb button_one_border_color__hover_enabled=\u00bboff\u00bb button_two_border_color__hover_enabled=\u00bboff\u00bb button_border_radius__hover_enabled=\u00bboff\u00bb button_one_border_radius__hover_enabled=\u00bboff\u00bb button_two_border_radius__hover_enabled=\u00bboff\u00bb button_letter_spacing__hover_enabled=\u00bbon\u00bb button_letter_spacing__hover=\u00bb0&#8243; button_one_letter_spacing__hover_enabled=\u00bboff\u00bb button_two_letter_spacing__hover_enabled=\u00bboff\u00bb button_bg_color__hover_enabled=\u00bbon\u00bb button_bg_color__hover=\u00bb#407299&#8243; button_one_bg_color__hover_enabled=\u00bboff\u00bb button_two_bg_color__hover_enabled=\u00bboff\u00bb]<\/p>\n<p>\n&nbsp;<\/p>\n<p>[\/et_pb_button][\/et_pb_column][\/et_pb_row][\/et_pb_section][et_pb_section fb_built=\u00bb1&#8243; custom_padding_last_edited=\u00bbon|desktop\u00bb admin_label=\u00bbsection\u00bb module_id=\u00bbOtro\u00bb _builder_version=\u00bb4.17.4&#8243; background_color=\u00bb#407299&#8243; custom_padding_tablet=\u00bb50px|0|50px|0&#8243; custom_padding_phone=\u00bb\u00bb hover_enabled=\u00bb0&#8243; transparent_background=\u00bboff\u00bb padding_mobile=\u00bboff\u00bb make_fullwidth=\u00bboff\u00bb use_custom_width=\u00bboff\u00bb width_unit=\u00bbon\u00bb global_colors_info=\u00bb{}\u00bb sticky_enabled=\u00bb0&#8243;][et_pb_row admin_label=\u00bbrow\u00bb _builder_version=\u00bb4.16&#8243; background_size=\u00bbinitial\u00bb background_position=\u00bbtop_left\u00bb background_repeat=\u00bbrepeat\u00bb global_colors_info=\u00bb{}\u00bb][et_pb_column type=\u00bb4_4&#8243; _builder_version=\u00bb4.16&#8243; custom_padding=\u00bb|||\u00bb global_colors_info=\u00bb{}\u00bb custom_padding__hover=\u00bb|||\u00bb][et_pb_text admin_label=\u00bbTexto\u00bb _builder_version=\u00bb4.17.4&#8243; background_size=\u00bbinitial\u00bb background_position=\u00bbtop_left\u00bb background_repeat=\u00bbrepeat\u00bb hover_enabled=\u00bb0&#8243; use_border_color=\u00bboff\u00bb border_color=\u00bb#ffffff\u00bb border_style=\u00bbsolid\u00bb global_colors_info=\u00bb{}\u00bb header_2_text_color=\u00bb#FFFFFF\u00bb sticky_enabled=\u00bb0&#8243;]<\/p>\n<h2 class=\"section-title\" style=\"text-align: left\">Estructura de la revista<\/h2>\n<p>[\/et_pb_text][\/et_pb_column][\/et_pb_row][et_pb_row padding_mobile=\u00bboff\u00bb column_padding_mobile=\u00bbon\u00bb admin_label=\u00bbFila\u00bb _builder_version=\u00bb4.16&#8243; background_size=\u00bbinitial\u00bb background_position=\u00bbtop_left\u00bb background_repeat=\u00bbrepeat\u00bb make_fullwidth=\u00bboff\u00bb use_custom_width=\u00bboff\u00bb width_unit=\u00bbon\u00bb global_colors_info=\u00bb{}\u00bb][et_pb_column type=\u00bb4_4&#8243; _builder_version=\u00bb4.16&#8243; custom_padding=\u00bb|||\u00bb global_colors_info=\u00bb{}\u00bb custom_padding__hover=\u00bb|||\u00bb][et_pb_toggle title=\u00bbMAIN ARTICLES\u00bb _builder_version=\u00bb4.16&#8243; background_size=\u00bbinitial\u00bb background_position=\u00bbtop_left\u00bb background_repeat=\u00bbrepeat\u00bb use_border_color=\u00bboff\u00bb border_color=\u00bb#ffffff\u00bb border_style=\u00bbsolid\u00bb saved_tabs=\u00bball\u00bb global_colors_info=\u00bb{}\u00bb]<\/p>\n<p>\nTrabajos originales que aporten informaci\u00f3n novedosa y de inter\u00e9s general para la comunidad cient\u00edfica de \u00e1mbito nacional e internacional. Toda la informaci\u00f3n que contenga el estudio deber\u00e1 ser completamente original y no se aceptar\u00e1n, dentro de esta clasificaci\u00f3n, art\u00edculos cuyos contenidos se hayan reproducido total o parcialmente en publicaciones previas. Estos trabajos, una vez recibidos, se someter\u00e1n a un proceso de revisi\u00f3n por pares con sistema de doble ciego, en el que se valorar\u00e1 su originalidad, relevancia, novedad y calidad metodol\u00f3gica.<\/p>\n<p>[\/et_pb_toggle][et_pb_toggle title=\u00bbGUEST\u00bb _builder_version=\u00bb4.16&#8243; background_size=\u00bbinitial\u00bb background_position=\u00bbtop_left\u00bb background_repeat=\u00bbrepeat\u00bb use_border_color=\u00bboff\u00bb border_color=\u00bb#ffffff\u00bb border_style=\u00bbsolid\u00bb saved_tabs=\u00bball\u00bb global_colors_info=\u00bb{}\u00bb]<\/p>\n<p>\nArt\u00edculos de magnitud nacional o internacional ya publicados en otras fuentes de informaci\u00f3n pero que, por su repercusi\u00f3n legislativa y social, son tambi\u00e9n publicados en ingl\u00e9s en <strong><em>Spanish Journal of Legislative Studies<\/em><\/strong><strong> con la consiguiente conformidad de su autor.<\/strong><\/p>\n<p>[\/et_pb_toggle][et_pb_toggle title=\u00bb SHORT CONTRIBUTIONS \u00bb _builder_version=\u00bb4.16&#8243; background_size=\u00bbinitial\u00bb background_position=\u00bbtop_left\u00bb background_repeat=\u00bbrepeat\u00bb use_border_color=\u00bboff\u00bb border_color=\u00bb#ffffff\u00bb border_style=\u00bbsolid\u00bb saved_tabs=\u00bball\u00bb global_colors_info=\u00bb{}\u00bb]<\/p>\n<p>\nTrabajos concisos, no m\u00e1s extensos de 3.000 palabras, destinados a dar cuenta de los resultados de una investigaci\u00f3n, o de un aspecto concreto de la misma.<\/p>\n<p>[\/et_pb_toggle][et_pb_divider show_divider=\u00bboff\u00bb disabled_on=\u00bbon|on|off\u00bb _builder_version=\u00bb4.16&#8243; hide_on_mobile=\u00bbon\u00bb global_colors_info=\u00bb{}\u00bb]<\/p>\n<p>\n&nbsp;<\/p>\n<p>[\/et_pb_divider][et_pb_divider show_divider=\u00bboff\u00bb disabled_on=\u00bbon|on|off\u00bb _builder_version=\u00bb4.16&#8243; hide_on_mobile=\u00bbon\u00bb global_colors_info=\u00bb{}\u00bb]<\/p>\n<p>\n&nbsp;<\/p>\n<p>[\/et_pb_divider][et_pb_divider show_divider=\u00bboff\u00bb disabled_on=\u00bbon|on|off\u00bb _builder_version=\u00bb4.16&#8243; hide_on_mobile=\u00bbon\u00bb global_colors_info=\u00bb{}\u00bb]<\/p>\n<p>\n&nbsp;<\/p>\n<p>[\/et_pb_divider][et_pb_divider show_divider=\u00bboff\u00bb disabled_on=\u00bbon|on|off\u00bb _builder_version=\u00bb4.16&#8243; hide_on_mobile=\u00bbon\u00bb global_colors_info=\u00bb{}\u00bb]<\/p>\n<p>\n&nbsp;<\/p>\n<p>[\/et_pb_divider][\/et_pb_column][\/et_pb_row][\/et_pb_section][et_pb_section fb_built=\u00bb1&#8243; custom_padding_last_edited=\u00bbon|desktop\u00bb module_class=\u00bbbanner\u00bb _builder_version=\u00bb3.22&#8243; background_color=\u00bbrgba(255,255,255,0)\u00bb custom_padding_tablet=\u00bb50px|0|50px|0&#8243; custom_padding_phone=\u00bb\u00bb custom_css_main_element=\u00bbposition: fixed;||left: 0;||right: 0;||bottom: 0;||z-index: 100;\u00bb transparent_background=\u00bbon\u00bb padding_mobile=\u00bboff\u00bb make_fullwidth=\u00bboff\u00bb use_custom_width=\u00bboff\u00bb width_unit=\u00bbon\u00bb global_module=\u00bb1844&#8243; global_colors_info=\u00bb{}\u00bb][et_pb_row use_custom_gutter=\u00bbon\u00bb padding_mobile=\u00bboff\u00bb column_padding_mobile=\u00bbon\u00bb _builder_version=\u00bb4.16&#8243; background_size=\u00bbinitial\u00bb background_position=\u00bbtop_left\u00bb background_repeat=\u00bbrepeat\u00bb make_fullwidth=\u00bbon\u00bb use_custom_width=\u00bbon\u00bb width_unit=\u00bbon\u00bb global_colors_info=\u00bb{}\u00bb][et_pb_column type=\u00bb4_4&#8243; _builder_version=\u00bb4.16&#8243; custom_padding=\u00bb|||\u00bb custom_css_main_element=\u00bbmargin-bottom: 0;\u00bb global_colors_info=\u00bb{}\u00bb custom_padding__hover=\u00bb|||\u00bb][et_pb_button button_url=\u00bbhttps:\/\/revistas.innovacionumh.es\/index.php\/sjls\/about\/submissions\u00bb url_new_window=\u00bbon\u00bb button_text=\u00bbEnviar un art\u00edculo\u00bb button_alignment=\u00bbright\u00bb _builder_version=\u00bb4.16&#8243; custom_button=\u00bbon\u00bb button_bg_color=\u00bb#000000&#8243; button_border_color=\u00bb#000000&#8243; background_layout=\u00bbdark\u00bb button_letter_spacing_hover=\u00bb0&#8243; global_colors_info=\u00bb{}\u00bb button_text_size__hover_enabled=\u00bboff\u00bb button_one_text_size__hover_enabled=\u00bboff\u00bb button_two_text_size__hover_enabled=\u00bboff\u00bb button_text_color__hover_enabled=\u00bboff\u00bb button_one_text_color__hover_enabled=\u00bboff\u00bb button_two_text_color__hover_enabled=\u00bboff\u00bb button_border_width__hover_enabled=\u00bboff\u00bb button_one_border_width__hover_enabled=\u00bboff\u00bb button_two_border_width__hover_enabled=\u00bboff\u00bb button_border_color__hover_enabled=\u00bboff\u00bb button_one_border_color__hover_enabled=\u00bboff\u00bb button_two_border_color__hover_enabled=\u00bboff\u00bb button_border_radius__hover_enabled=\u00bboff\u00bb button_one_border_radius__hover_enabled=\u00bboff\u00bb button_two_border_radius__hover_enabled=\u00bboff\u00bb button_letter_spacing__hover_enabled=\u00bbon\u00bb button_letter_spacing__hover=\u00bb0&#8243; button_one_letter_spacing__hover_enabled=\u00bboff\u00bb button_two_letter_spacing__hover_enabled=\u00bboff\u00bb button_bg_color__hover_enabled=\u00bboff\u00bb button_one_bg_color__hover_enabled=\u00bboff\u00bb button_two_bg_color__hover_enabled=\u00bboff\u00bb]<\/p>\n<p>\u00a0<\/p>\n<p>[\/et_pb_button][\/et_pb_column][\/et_pb_row][\/et_pb_section]<\/p>\n","protected":false},"excerpt":{"rendered":"<p>Contacto &nbsp; DIRECCI\u00d3N POSTAL Departamento de ciencia jur\u00eddica Edificio Torrevaillo Avenida de la universidad, s\/n Elche \u2013 03202 &nbsp; ENTIDAD RESPONSABLE\u00a0 Centro de Investigaci\u00f3n CR\u00cdMINA para el estudio y prevenci\u00f3n de la delincuencia Departamento de Ciencia Jur\u00eddica &nbsp; EDITOR Departamento de ciencia jur\u00eddica Universidad Miguel Hernandez de Elche Edificio Torrevaillo Avenida de la universidad, s\/n [&hellip;]<\/p>\n","protected":false},"author":6277,"featured_media":0,"parent":0,"menu_order":0,"comment_status":"open","ping_status":"open","template":"","meta":{"_et_pb_use_builder":"on","_et_pb_old_content":"","_et_gb_content_width":"","_links_to":"","_links_to_target":""},"_links":{"self":[{"href":"http:\/\/spanishjournaloflegislativestudies.com\/es\/wp-json\/wp\/v2\/pages\/44"}],"collection":[{"href":"http:\/\/spanishjournaloflegislativestudies.com\/es\/wp-json\/wp\/v2\/pages"}],"about":[{"href":"http:\/\/spanishjournaloflegislativestudies.com\/es\/wp-json\/wp\/v2\/types\/page"}],"author":[{"embeddable":true,"href":"http:\/\/spanishjournaloflegislativestudies.com\/es\/wp-json\/wp\/v2\/users\/6277"}],"replies":[{"embeddable":true,"href":"http:\/\/spanishjournaloflegislativestudies.com\/es\/wp-json\/wp\/v2\/comments?post=44"}],"version-history":[{"count":0,"href":"http:\/\/spanishjournaloflegislativestudies.com\/es\/wp-json\/wp\/v2\/pages\/44\/revisions"}],"wp:attachment":[{"href":"http:\/\/spanishjournaloflegislativestudies.com\/es\/wp-json\/wp\/v2\/media?parent=44"}],"curies":[{"name":"wp","href":"https:\/\/api.w.org\/{rel}","templated":true}]}}